{"id":752,"date":"2023-01-06T07:52:54","date_gmt":"2023-01-06T06:52:54","guid":{"rendered":"https:\/\/www.leschatonsphilosophes.com\/?page_id=752"},"modified":"2023-01-06T07:52:55","modified_gmt":"2023-01-06T06:52:55","slug":"6-janvier-la-patte-des-chatons","status":"publish","type":"page","link":"https:\/\/www.leschatonsphilosophes.com\/index.php\/6-janvier-la-patte-des-chatons\/","title":{"rendered":"6 JANVIER : LA PATTE DES  CHATONS"},"content":{"rendered":"\n<p class=\"has-vivid-red-color has-text-color\"><strong>Jade la princesse \u00e9toil\u00e9e<\/strong>, <strong>Th\u00e9o le lutin malicieux<\/strong> et <strong>Azur la f\u00e9e des songes<\/strong> <\/p>\n\n\n\n<p class=\"has-black-color has-text-color\">vous proposent de d\u00e9couvrir chaque vendredi une information pratique sur nos compagnons f\u00e9lins.<\/p>\n\n\n\n<p class=\"has-vivid-green-cyan-color has-text-color\">Aujourd\u2019hui&nbsp;: <strong>son activit\u00e9 matinale\/nocturne<\/strong><\/p>\n\n\n\n<p>Le chat a gard\u00e9 de ses origines sauvages l\u2019habitude et le go\u00fbt pour les activit\u00e9s nocturnes. Or, c\u2019est avant le lever du soleil que son tonus est maximal. Il est habit\u00e9 d\u2019un \u00e9lan d\u2019\u00e9nergie qui augmente avant la lumi\u00e8re du jour, bienfait durable toute sa journ\u00e9e.<\/p>\n\n\n\n<p>N\u2019oubliez pas de participer au <strong>concours philosophico-culinaire<\/strong> lanc\u00e9 le 3 janvier\u00a0! <\/p>\n\n\n\n<p class=\"has-text-align-center has-vivid-red-color has-text-color\"><strong>Jade la princesse \u00e9toil\u00e9e<\/strong>, <strong>Th\u00e9o le lutin malicieux<\/strong> et <strong>Azur la f\u00e9e des songes<\/strong> <strong> <\/strong><\/p>\n\n\n\n<p class=\"has-text-align-center has-vivid-red-color has-text-color\">\u2013 et leur compagne humaine, moi\u00a0! \u2013 <\/p>\n\n\n\n<p class=\"has-black-color has-text-color\">sont impatients de d\u00e9couvrir vos recettes. N\u2019h\u00e9sitez pas \u00e0 nous contacter \u00e0 <a href=\"mailto:leschatonsphilosophes@gmail.com\">leschatonsphilosophes@gmail.com<\/a> pour toute demande d\u2019information.<\/p>\n\n\n\n<p>Rendez-vous sur le site <a href=\"http:\/\/www.leschatonsphilosophes.com\"><strong>www.leschatonsphilosophes.com<\/strong><\/a> pour d\u00e9couvrir le blog quotidien, les fascicules th\u00e9matiques et les prestations propos\u00e9es ainsi que sur les pages Facebook <strong>Les Chatons Philosophes<\/strong>\/Christine Destruhaut et LinkedIn. N\u2019h\u00e9sitez pas \u00e0 nous faire part de vos envies, observations, suggestions. <strong>Les Chatons Philosophes<\/strong> \u2013\u00a0 <strong>Jade la princesse \u00e9toil\u00e9e<\/strong>, <strong>Th\u00e9o le lutin malicieux<\/strong> et <strong>Azur la f\u00e9e des songes <\/strong>\u2013 ainsi que leur compagne humaine seront heureux de tout mettre en \u0153uvre pour les concr\u00e9tiser.<\/p>\n","protected":false},"excerpt":{"rendered":"<p>Jade la princesse \u00e9toil\u00e9e, Th\u00e9o le lutin malicieux et Azur la f\u00e9e des songes vous proposent de d\u00e9couvrir chaque vendredi une information pratique sur nos compagnons f\u00e9lins. Aujourd\u2019hui&nbsp;: son activit\u00e9 matinale\/nocturne Le chat a gard\u00e9 de ses origines sauvages l\u2019habitude et le go\u00fbt pour les activit\u00e9s nocturnes. Or, c\u2019est avant le lever du soleil que [&hellip;]<\/p>\n","protected":false},"author":1,"featured_media":0,"parent":0,"menu_order":0,"comment_status":"closed","ping_status":"closed","template":"","meta":[],"yoast_head":"<!-- This site is optimized with the Yoast SEO plugin v19.7.1 - https:\/\/yoast.com\/wordpress\/plugins\/seo\/ -->\n<title>6 JANVIER : LA PATTE DES CHATONS - Les chatons philosophes<\/title>\n<meta name=\"robots\" content=\"index, follow, max-snippet:-1, max-image-preview:large, max-video-preview:-1\" \/>\n<link rel=\"canonical\" href=\"https:\/\/www.leschatonsphilosophes.com\/index.php\/6-janvier-la-patte-des-chatons\/\" \/>\n<meta property=\"og:locale\" content=\"fr_FR\" \/>\n<meta property=\"og:type\" content=\"article\" \/>\n<meta property=\"og:title\" content=\"6 JANVIER : LA PATTE DES CHATONS - Les chatons philosophes\" \/>\n<meta property=\"og:description\" content=\"Jade la princesse \u00e9toil\u00e9e, Th\u00e9o le lutin malicieux et Azur la f\u00e9e des songes vous proposent de d\u00e9couvrir chaque vendredi une information pratique sur nos compagnons f\u00e9lins. Aujourd\u2019hui&nbsp;: son activit\u00e9 matinale\/nocturne Le chat a gard\u00e9 de ses origines sauvages l\u2019habitude et le go\u00fbt pour les activit\u00e9s nocturnes. Or, c\u2019est avant le lever du soleil que [&hellip;]\" \/>\n<meta property=\"og:url\" content=\"https:\/\/www.leschatonsphilosophes.com\/index.php\/6-janvier-la-patte-des-chatons\/\" \/>\n<meta property=\"og:site_name\" content=\"Les chatons philosophes\" \/>\n<meta property=\"article:modified_time\" content=\"2023-01-06T06:52:55+00:00\" \/>\n<meta name=\"twitter:card\" content=\"summary_large_image\" \/>\n<meta name=\"twitter:label1\" content=\"Dur\u00e9e de lecture estim\u00e9e\" \/>\n\t<meta name=\"twitter:data1\" content=\"2 minutes\" \/>\n<script type=\"application\/ld+json\" class=\"yoast-schema-graph\">{\"@context\":\"https:\/\/schema.org\",\"@graph\":[{\"@type\":\"WebPage\",\"@id\":\"https:\/\/www.leschatonsphilosophes.com\/index.php\/6-janvier-la-patte-des-chatons\/\",\"url\":\"https:\/\/www.leschatonsphilosophes.com\/index.php\/6-janvier-la-patte-des-chatons\/\",\"name\":\"6 JANVIER : LA PATTE DES CHATONS - Les chatons philosophes\",\"isPartOf\":{\"@id\":\"https:\/\/www.leschatonsphilosophes.com\/#website\"},\"datePublished\":\"2023-01-06T06:52:54+00:00\",\"dateModified\":\"2023-01-06T06:52:55+00:00\",\"breadcrumb\":{\"@id\":\"https:\/\/www.leschatonsphilosophes.com\/index.php\/6-janvier-la-patte-des-chatons\/#breadcrumb\"},\"inLanguage\":\"fr-FR\",\"potentialAction\":[{\"@type\":\"ReadAction\",\"target\":[\"https:\/\/www.leschatonsphilosophes.com\/index.php\/6-janvier-la-patte-des-chatons\/\"]}]},{\"@type\":\"BreadcrumbList\",\"@id\":\"https:\/\/www.leschatonsphilosophes.com\/index.php\/6-janvier-la-patte-des-chatons\/#breadcrumb\",\"itemListElement\":[{\"@type\":\"ListItem\",\"position\":1,\"name\":\"Accueil\",\"item\":\"https:\/\/www.leschatonsphilosophes.com\/\"},{\"@type\":\"ListItem\",\"position\":2,\"name\":\"6 JANVIER : LA PATTE DES CHATONS\"}]},{\"@type\":\"WebSite\",\"@id\":\"https:\/\/www.leschatonsphilosophes.com\/#website\",\"url\":\"https:\/\/www.leschatonsphilosophes.com\/\",\"name\":\"Les chatons philosophes\",\"description\":\"\",\"publisher\":{\"@id\":\"https:\/\/www.leschatonsphilosophes.com\/#organization\"},\"potentialAction\":[{\"@type\":\"SearchAction\",\"target\":{\"@type\":\"EntryPoint\",\"urlTemplate\":\"https:\/\/www.leschatonsphilosophes.com\/?s={search_term_string}\"},\"query-input\":\"required name=search_term_string\"}],\"inLanguage\":\"fr-FR\"},{\"@type\":\"Organization\",\"@id\":\"https:\/\/www.leschatonsphilosophes.com\/#organization\",\"name\":\"Les chatons philosophes\",\"url\":\"https:\/\/www.leschatonsphilosophes.com\/\",\"sameAs\":[],\"logo\":{\"@type\":\"ImageObject\",\"inLanguage\":\"fr-FR\",\"@id\":\"https:\/\/www.leschatonsphilosophes.com\/#\/schema\/logo\/image\/\",\"url\":\"https:\/\/www.leschatonsphilosophes.com\/wp-content\/uploads\/2022\/04\/chatons.jpg\",\"contentUrl\":\"https:\/\/www.leschatonsphilosophes.com\/wp-content\/uploads\/2022\/04\/chatons.jpg\",\"width\":1905,\"height\":361,\"caption\":\"Les chatons philosophes\"},\"image\":{\"@id\":\"https:\/\/www.leschatonsphilosophes.com\/#\/schema\/logo\/image\/\"}}]}<\/script>\n<!-- \/ Yoast SEO plugin. -->","yoast_head_json":{"title":"6 JANVIER : LA PATTE DES CHATONS - Les chatons philosophes","robots":{"index":"index","follow":"follow","max-snippet":"max-snippet:-1","max-image-preview":"max-image-preview:large","max-video-preview":"max-video-preview:-1"},"canonical":"https:\/\/www.leschatonsphilosophes.com\/index.php\/6-janvier-la-patte-des-chatons\/","og_locale":"fr_FR","og_type":"article","og_title":"6 JANVIER : LA PATTE DES CHATONS - Les chatons philosophes","og_description":"Jade la princesse \u00e9toil\u00e9e, Th\u00e9o le lutin malicieux et Azur la f\u00e9e des songes vous proposent de d\u00e9couvrir chaque vendredi une information pratique sur nos compagnons f\u00e9lins. Aujourd\u2019hui&nbsp;: son activit\u00e9 matinale\/nocturne Le chat a gard\u00e9 de ses origines sauvages l\u2019habitude et le go\u00fbt pour les activit\u00e9s nocturnes. Or, c\u2019est avant le lever du soleil que [&hellip;]","og_url":"https:\/\/www.leschatonsphilosophes.com\/index.php\/6-janvier-la-patte-des-chatons\/","og_site_name":"Les chatons philosophes","article_modified_time":"2023-01-06T06:52:55+00:00","twitter_card":"summary_large_image","twitter_misc":{"Dur\u00e9e de lecture estim\u00e9e":"2 minutes"},"schema":{"@context":"https:\/\/schema.org","@graph":[{"@type":"WebPage","@id":"https:\/\/www.leschatonsphilosophes.com\/index.php\/6-janvier-la-patte-des-chatons\/","url":"https:\/\/www.leschatonsphilosophes.com\/index.php\/6-janvier-la-patte-des-chatons\/","name":"6 JANVIER : LA PATTE DES CHATONS - Les chatons philosophes","isPartOf":{"@id":"https:\/\/www.leschatonsphilosophes.com\/#website"},"datePublished":"2023-01-06T06:52:54+00:00","dateModified":"2023-01-06T06:52:55+00:00","breadcrumb":{"@id":"https:\/\/www.leschatonsphilosophes.com\/index.php\/6-janvier-la-patte-des-chatons\/#breadcrumb"},"inLanguage":"fr-FR","potentialAction":[{"@type":"ReadAction","target":["https:\/\/www.leschatonsphilosophes.com\/index.php\/6-janvier-la-patte-des-chatons\/"]}]},{"@type":"BreadcrumbList","@id":"https:\/\/www.leschatonsphilosophes.com\/index.php\/6-janvier-la-patte-des-chatons\/#breadcrumb","itemListElement":[{"@type":"ListItem","position":1,"name":"Accueil","item":"https:\/\/www.leschatonsphilosophes.com\/"},{"@type":"ListItem","position":2,"name":"6 JANVIER : LA PATTE DES CHATONS"}]},{"@type":"WebSite","@id":"https:\/\/www.leschatonsphilosophes.com\/#website","url":"https:\/\/www.leschatonsphilosophes.com\/","name":"Les chatons philosophes","description":"","publisher":{"@id":"https:\/\/www.leschatonsphilosophes.com\/#organization"},"potentialAction":[{"@type":"SearchAction","target":{"@type":"EntryPoint","urlTemplate":"https:\/\/www.leschatonsphilosophes.com\/?s={search_term_string}"},"query-input":"required name=search_term_string"}],"inLanguage":"fr-FR"},{"@type":"Organization","@id":"https:\/\/www.leschatonsphilosophes.com\/#organization","name":"Les chatons philosophes","url":"https:\/\/www.leschatonsphilosophes.com\/","sameAs":[],"logo":{"@type":"ImageObject","inLanguage":"fr-FR","@id":"https:\/\/www.leschatonsphilosophes.com\/#\/schema\/logo\/image\/","url":"https:\/\/www.leschatonsphilosophes.com\/wp-content\/uploads\/2022\/04\/chatons.jpg","contentUrl":"https:\/\/www.leschatonsphilosophes.com\/wp-content\/uploads\/2022\/04\/chatons.jpg","width":1905,"height":361,"caption":"Les chatons philosophes"},"image":{"@id":"https:\/\/www.leschatonsphilosophes.com\/#\/schema\/logo\/image\/"}}]}},"_links":{"self":[{"href":"https:\/\/www.leschatonsphilosophes.com\/index.php\/wp-json\/wp\/v2\/pages\/752"}],"collection":[{"href":"https:\/\/www.leschatonsphilosophes.com\/index.php\/wp-json\/wp\/v2\/pages"}],"about":[{"href":"https:\/\/www.leschatonsphilosophes.com\/index.php\/wp-json\/wp\/v2\/types\/page"}],"author":[{"embeddable":true,"href":"https:\/\/www.leschatonsphilosophes.com\/index.php\/wp-json\/wp\/v2\/users\/1"}],"replies":[{"embeddable":true,"href":"https:\/\/www.leschatonsphilosophes.com\/index.php\/wp-json\/wp\/v2\/comments?post=752"}],"version-history":[{"count":1,"href":"https:\/\/www.leschatonsphilosophes.com\/index.php\/wp-json\/wp\/v2\/pages\/752\/revisions"}],"predecessor-version":[{"id":753,"href":"https:\/\/www.leschatonsphilosophes.com\/index.php\/wp-json\/wp\/v2\/pages\/752\/revisions\/753"}],"wp:attachment":[{"href":"https:\/\/www.leschatonsphilosophes.com\/index.php\/wp-json\/wp\/v2\/media?parent=752"}],"curies":[{"name":"wp","href":"https:\/\/api.w.org\/{rel}","templated":true}]}}